{"version":"1.0","provider_name":"SMITH","provider_url":"https:\/\/sme-d.se\/en","author_name":"hamid.ershad@tebab.com","author_url":"https:\/\/sme-d.se\/en\/author\/hamid-ershadtebab-com\/","title":"F\u00f6rsvarsministerns pressekreterare medverkade p\u00e5 SME-Ds \u00e5rsm\u00f6te - SME-D","type":"rich","width":600,"height":338,"html":"<blockquote class=\"wp-embedded-content\" data-secret=\"VCr7mbckez\"><a href=\"https:\/\/sme-d.se\/en\/2016\/04\/forsvarsministerns-pressekreterare-medverkade-pa-sme-ds-varmote\/\">The Minister of Defense&#039;s press secretary participated in the SME-D annual meeting<\/a><\/blockquote><iframe sandbox=\"allow-scripts\" security=\"restricted\" src=\"https:\/\/sme-d.se\/en\/2016\/04\/forsvarsministerns-pressekreterare-medverkade-pa-sme-ds-varmote\/embed\/#?secret=VCr7mbckez\" width=\"600\" height=\"338\" title=\"\u201cThe Minister of Defense&#039;s press secretary participated in SME-D&#039;s annual meeting\u201d \u2014 SME-D\" data-secret=\"VCr7mbckez\" frameborder=\"0\" marginwidth=\"0\" marginheight=\"0\" scrolling=\"no\" class=\"wp-embedded-content\"><\/iframe><script type=\"text\/javascript\">\n\/* <![CDATA[ *\/\n\/*! This file is auto-generated *\/\n!function(d,l){\"use strict\";l.querySelector&&d.addEventListener&&\"undefined\"!=typeof URL&&(d.wp=d.wp||{},d.wp.receiveEmbedMessage||(d.wp.receiveEmbedMessage=function(e){var t=e.data;if((t||t.secret||t.message||t.value)&&!\/[^a-zA-Z0-9]\/.test(t.secret)){for(var s,r,n,a=l.querySelectorAll('iframe[data-secret=\"'+t.secret+'\"]'),o=l.querySelectorAll('blockquote[data-secret=\"'+t.secret+'\"]'),c=new RegExp(\"^https?:$\",\"i\"),i=0;i<o.length;i++)o[i].style.display=\"none\";for(i=0;i<a.length;i++)s=a[i],e.source===s.contentWindow&&(s.removeAttribute(\"style\"),\"height\"===t.message?(1e3<(r=parseInt(t.value,10))?r=1e3:~~r<200&&(r=200),s.height=r):\"link\"===t.message&&(r=new URL(s.getAttribute(\"src\")),n=new URL(t.value),c.test(n.protocol))&&n.host===r.host&&l.activeElement===s&&(d.top.location.href=t.value))}},d.addEventListener(\"message\",d.wp.receiveEmbedMessage,!1),l.addEventListener(\"DOMContentLoaded\",function(){for(var e,t,s=l.querySelectorAll(\"iframe.wp-embedded-content\"),r=0;r<s.length;r++)(t=(e=s[r]).getAttribute(\"data-secret\"))||(t=Math.random().toString(36).substring(2,12),e.src+=\"#?secret=\"+t,e.setAttribute(\"data-secret\",t)),e.contentWindow.postMessage({message:\"ready\",secret:t},\"*\")},!1)))}(window,document);\n\/\/# sourceURL=https:\/\/sme-d.se\/wp-includes\/js\/wp-embed.min.js\n\/* ]]> *\/\n<\/script>","thumbnail_url":null,"thumbnail_width":null,"thumbnail_height":null,"description":"Det var ett intressant och inspirerande \u00e5rsm\u00f6te. 12 medlemsf\u00f6retag var representerade och fick m\u00f6jlighet att tr\u00e4ffa f\u00f6rsvarsministerns pressekreterare, Marinette Nyh Radebo. Det fanns \u00e4ven tillf\u00e4lle f\u00f6r mingel med \u00f6l och sm\u00f6rg\u00e5s."}